{"version":"1.0","provider_name":"Schreberrebellen e.V.","provider_url":"https:\/\/schreberrebellen.de\/wordpress","author_name":"Admini","author_url":"https:\/\/schreberrebellen.de\/wordpress\/author\/admini\/","title":"Nadelb\u00e4ume im Kleingarten? - Schreberrebellen e.V.","type":"rich","width":600,"height":338,"html":"<blockquote class=\"wp-embedded-content\" data-secret=\"mdlpNNCZj7\"><a href=\"https:\/\/schreberrebellen.de\/wordpress\/nadelbaeume-im-kleingarten\/\">Nadelb\u00e4ume im Kleingarten?<\/a><\/blockquote><iframe sandbox=\"allow-scripts\" security=\"restricted\" src=\"https:\/\/schreberrebellen.de\/wordpress\/nadelbaeume-im-kleingarten\/embed\/#?secret=mdlpNNCZj7\" width=\"600\" height=\"338\" title=\"&#8222;Nadelb\u00e4ume im Kleingarten?&#8220; &#8212; Schreberrebellen e.V.\" data-secret=\"mdlpNNCZj7\" frameborder=\"0\" marginwidth=\"0\" marginheight=\"0\" scrolling=\"no\" class=\"wp-embedded-content\"><\/iframe><script>\n\/*! This file is auto-generated *\/\n!function(d,l){\"use strict\";l.querySelector&&d.addEventListener&&\"undefined\"!=typeof URL&&(d.wp=d.wp||{},d.wp.receiveEmbedMessage||(d.wp.receiveEmbedMessage=function(e){var t=e.data;if((t||t.secret||t.message||t.value)&&!\/[^a-zA-Z0-9]\/.test(t.secret)){for(var s,r,n,a=l.querySelectorAll('iframe[data-secret=\"'+t.secret+'\"]'),o=l.querySelectorAll('blockquote[data-secret=\"'+t.secret+'\"]'),c=new RegExp(\"^https?:$\",\"i\"),i=0;i<o.length;i++)o[i].style.display=\"none\";for(i=0;i<a.length;i++)s=a[i],e.source===s.contentWindow&&(s.removeAttribute(\"style\"),\"height\"===t.message?(1e3<(r=parseInt(t.value,10))?r=1e3:~~r<200&&(r=200),s.height=r):\"link\"===t.message&&(r=new URL(s.getAttribute(\"src\")),n=new URL(t.value),c.test(n.protocol))&&n.host===r.host&&l.activeElement===s&&(d.top.location.href=t.value))}},d.addEventListener(\"message\",d.wp.receiveEmbedMessage,!1),l.addEventListener(\"DOMContentLoaded\",function(){for(var e,t,s=l.querySelectorAll(\"iframe.wp-embedded-content\"),r=0;r<s.length;r++)(t=(e=s[r]).getAttribute(\"data-secret\"))||(t=Math.random().toString(36).substring(2,12),e.src+=\"#?secret=\"+t,e.setAttribute(\"data-secret\",t)),e.contentWindow.postMessage({message:\"ready\",secret:t},\"*\")},!1)))}(window,document);\n<\/script>\n","thumbnail_url":"https:\/\/schreberrebellen.de\/wordpress\/wp-content\/uploads\/2023\/02\/gruenfink-nadelbaum-pixabay-1240x780-1.jpg","thumbnail_width":1240,"thumbnail_height":780,"description":"Vielfalt der Lebensr\u00e4ume Ein Kleingarten ist kein Wald, das ist klar. Die Verbannung jeglicher Art von Nadelgeh\u00f6lzen aus Kleing\u00e4rten stellt aus der Sicht von Garten\u00f6kologen aber eine nicht w\u00fcnschenswerte Beschneidung des Artenreichtums dar. Denn: Je h\u00f6her die pflanzliche Vielfalt ist, desto mehr unterschiedliche Lebensr\u00e4ume gibt es auch f\u00fcr heimische Tiere. Die Tannenmeise (Peripatus ater), die [&hellip;]"}